{"id":81,"date":"2018-11-15T15:03:00","date_gmt":"2018-11-15T14:03:00","guid":{"rendered":"https:\/\/www.paysagesurbains.fr\/?page_id=81"},"modified":"2020-06-18T13:30:53","modified_gmt":"2020-06-18T11:30:53","slug":"potager-urbain","status":"publish","type":"page","link":"https:\/\/www.paysagesurbains.fr\/index.php\/potager-urbain\/","title":{"rendered":"Potager Urbain"},"content":{"rendered":"\n[et_pb_section fb_built=\u00a0\u00bb1&Prime; _builder_version=\u00a0\u00bb3.0.47&Prime; custom_padding=\u00a0\u00bb0|0px|0|0px|false|false\u00a0\u00bb][et_pb_row custom_padding=\u00a0\u00bb0|0px|0|0px|false|false\u00a0\u00bb _builder_version=\u00a0\u00bb3.19&Prime;][et_pb_column type=\u00a0\u00bb4_4&Prime; _builder_version=\u00a0\u00bb3.19&Prime; parallax=\u00a0\u00bboff\u00a0\u00bb parallax_method=\u00a0\u00bbon\u00a0\u00bb][et_pb_divider show_divider=\u00a0\u00bboff\u00a0\u00bb _builder_version=\u00a0\u00bb3.19&Prime;][\/et_pb_divider][\/et_pb_column][\/et_pb_row][et_pb_row custom_padding=\u00a0\u00bb0|0px|49px|0px|false|false\u00a0\u00bb _builder_version=\u00a0\u00bb3.19&Prime;][et_pb_column type=\u00a0\u00bb4_4&Prime; _builder_version=\u00a0\u00bb3.19&Prime; parallax=\u00a0\u00bboff\u00a0\u00bb parallax_method=\u00a0\u00bbon\u00a0\u00bb][et_pb_image src=\u00a0\u00bbhttps:\/\/www.paysagesurbains.fr\/wp-content\/uploads\/PAYSAGES-URBAINS-logo-modif.png\u00a0\u00bb _builder_version=\u00a0\u00bb3.19&Prime;][\/et_pb_image][\/et_pb_column][\/et_pb_row][et_pb_row custom_padding=\u00a0\u00bb0|0px|1px|0px|false|false\u00a0\u00bb _builder_version=\u00a0\u00bb3.0.48&Prime; background_size=\u00a0\u00bbinitial\u00a0\u00bb background_position=\u00a0\u00bbtop_left\u00a0\u00bb background_repeat=\u00a0\u00bbrepeat\u00a0\u00bb][et_pb_column type=\u00a0\u00bb4_4&Prime; _builder_version=\u00a0\u00bb3.0.47&Prime; parallax=\u00a0\u00bboff\u00a0\u00bb parallax_method=\u00a0\u00bbon\u00a0\u00bb][et_pb_image _builder_version=\u00a0\u00bb3.19.1&Prime;][\/et_pb_image][et_pb_text _builder_version=\u00a0\u00bb3.19.1&Prime; text_font=\u00a0\u00bbsamsung imagination||||||||\u00a0\u00bb background_size=\u00a0\u00bbinitial\u00a0\u00bb background_position=\u00a0\u00bbtop_left\u00a0\u00bb background_repeat=\u00a0\u00bbrepeat\u00a0\u00bb]<h2><span style=\"text-decoration: underline;\"><span style=\"font-family: 'samsung imagination'; font-weight: normal;\">Potager urbain<\/span><\/span><\/h2>\n<p><span style=\"color: #65ab24;\"><strong><\/strong><\/span><\/p>\n<p><span style=\"color: #65ab24;\"><strong>PAYSAGES URBAINS<\/strong><\/span>\u00a0a dans l&rsquo;optique de d\u00e9mocratiser\u00a0le potager urbain\u00a0et de le rendre attractif :<\/p>\n<p><span style=\"font-size: 16px;\"><\/span><\/p>\n<p><span style=\"font-size: 16px;\">\u00a0 \u00a0 \u00a0 \u00a0 \u00a0 \u00a0 \u00a0 \u00a0 \u00a0 \u00a0 \u00a0 \u00a0 \u00a0 &#8211; Attractif dans le sens\u00a0o\u00f9 il permet de cr\u00e9er du<\/span><strong style=\"font-size: 16px;\">\u00a0lien social\u00a0<\/strong><span style=\"font-size: 16px;\">lorsqu&rsquo;il est pour les\u00a0<\/span><strong style=\"font-size: 16px;\">logements collectifs<\/strong><span style=\"font-size: 16px;\">,<\/span><\/p>\n<p>\u00a0 \u00a0 \u00a0 \u00a0 \u00a0 \u00a0 \u00a0 \u00a0 \u00a0 \u00a0 \u00a0 \u00a0 \u00a0 &#8211; Offre aux\u00a0<strong>restaurants\u00a0<\/strong>des\u00a0<strong>produits frais\u00a0<\/strong>pour des repas de saison,<\/p>\n<p>\u00a0 \u00a0 \u00a0 \u00a0 \u00a0 \u00a0 \u00a0 \u00a0 \u00a0 \u00a0 \u00a0 \u00a0 \u00a0 &#8211; B\u00e9n\u00e9fique et cr\u00e9ateur de\u00a0<strong>bonheur\u00a0<\/strong>ou de rencontre\u00a0pour les personnes\u00a0<strong>hospitalis\u00e9es<\/strong>,<\/p>\n<p>\u00a0 \u00a0 \u00a0 \u00a0 \u00a0 \u00a0 \u00a0 \u00a0 \u00a0 \u00a0 \u00a0 \u00a0 \u00a0 &#8211;\u00a0<strong>Ludique\u00a0<\/strong>pour les enfants qui comprennent le milieu qui les entoure et ce qu&rsquo;ils mangent tous les jours dans leurs assiettes,<\/p>\n<p>\u00a0 \u00a0 \u00a0 \u00a0 \u00a0 \u00a0 \u00a0 \u00a0 \u00a0 \u00a0 \u00a0 \u00a0 \u00a0 \u00a0&#8211; Cr\u00e9er des liens entre\u00a0les\u00a0<strong>employ\u00e9s d&rsquo;entreprises\u00a0<\/strong>qui se retrouvent autour de la\u00a0<strong>production quotidienne ou hebdomadaire\u00a0<\/strong>et donner\u00a0 \u00a0 \u00a0 \u00a0 \u00a0 \u00a0 \u00a0 \u00a0 \u00a0 \u00a0 \u00a0 \u00a0 \u00a0 \u00a0 \u00a0 \u00a0 \u00a0 \u00a0 \u00a0l&rsquo;occasion de se rencontrer autrement que pour le travail.<\/p>\n<p>&nbsp;<\/p>\n<p style=\"text-align: justify;\">Le\u00a0potager urbain est\u00a0par principe\u00a0sur\u00e9lev\u00e9, install\u00e9 dans des structures\u00a0en\u00a0<strong>carr\u00e9<\/strong>. La forme choisie permet un\u00a0<strong>entretien plus facile\u00a0<\/strong>de par sa petite taille (maximum 1,20m x 1,20m) ainsi que par sa sur\u00e9l\u00e9vation. Ce type de potager\u00a0<strong>produit davantage\u00a0<\/strong>qu&rsquo;un potager classique et pr\u00e9sente\u00a0un taux de\u00a0<strong>pollution moins \u00e9lev\u00e9<\/strong>\u00a0qu&rsquo;en pleine terre.<\/p>\n<p style=\"text-align: justify;\">Enfin, le support de culture\u00a0mis en place selon la technique de\u00a0<strong>permaculture\u00a0<\/strong>ou\u00a0dit en\u00a0<strong>\u00ab\u00a0lasagne\u00a0\u00bb,<\/strong>\u00a0car constitu\u00e9 de\u00a0plusieurs couches de diff\u00e9rents mat\u00e9riaux\u00a0(d\u00e9chets verts, bois broy\u00e9, compost&#8230;). Ce substrat est, gr\u00e2ce \u00e0 cette technique, vivant et cr\u00e9e une biodiversit\u00e9 beaucoup plus \u00e9panouie. L&rsquo;utilisation de mat\u00e9riaux sains est primordiale pour ne pas contaminer le sol. Utilisation de\u00a0<strong>bois non trait\u00e9\u00a0<\/strong>et r\u00e9sistant naturellement.<\/p>\n<p style=\"text-align: justify;\">Le petit plus de\u00a0<span style=\"color: #65ab24;\"><strong>PAYSAGES URBAINS<\/strong><\/span>, nous\u00a0vous fournissons un calendrier pour les\u00a0<strong>rotations de cultures<\/strong>.<\/p>\n<p style=\"text-align: justify;\"><\/p>\n<p><strong>Formule possible :<\/strong><\/p>\n<p><strong>&#8211;\u00a0<a href=\"https:\/\/www.paysagesurbains.fr\/index.php\/paysagiste-lille-formules\/\">Formule Zen<\/a><\/strong><\/p>\n<p><strong><\/strong><\/p>[\/et_pb_text][\/et_pb_column][\/et_pb_row][et_pb_row custom_padding=\u00a0\u00bb0|0px|70px|0px|false|false\u00a0\u00bb _builder_version=\u00a0\u00bb3.0.48&Prime; background_size=\u00a0\u00bbinitial\u00a0\u00bb background_position=\u00a0\u00bbtop_left\u00a0\u00bb background_repeat=\u00a0\u00bbrepeat\u00a0\u00bb][et_pb_column type=\u00a0\u00bb1_5&Prime; _builder_version=\u00a0\u00bb3.0.47&Prime; parallax=\u00a0\u00bboff\u00a0\u00bb parallax_method=\u00a0\u00bbon\u00a0\u00bb][\/et_pb_column][et_pb_column type=\u00a0\u00bb3_5&Prime; _builder_version=\u00a0\u00bb3.0.47&Prime; parallax=\u00a0\u00bboff\u00a0\u00bb parallax_method=\u00a0\u00bbon\u00a0\u00bb][\/et_pb_column][et_pb_column type=\u00a0\u00bb1_5&Prime; _builder_version=\u00a0\u00bb3.0.47&Prime; parallax=\u00a0\u00bboff\u00a0\u00bb parallax_method=\u00a0\u00bbon\u00a0\u00bb][et_pb_button button_url=\u00a0\u00bbhttps:\/\/www.paysagesurbains.fr\/index.php\/devis\/?et_fb=1&Prime; button_text=\u00a0\u00bbDemande de devis\u00a0\u00bb button_alignment=\u00a0\u00bbcenter\u00a0\u00bb _builder_version=\u00a0\u00bb3.19&Prime; custom_button=\u00a0\u00bbon\u00a0\u00bb button_text_size=\u00a0\u00bb15px\u00a0\u00bb button_text_color=\u00a0\u00bb#FFFFFF\u00a0\u00bb button_bg_color=\u00a0\u00bb#65ab24&Prime; button_border_width=\u00a0\u00bb0px\u00a0\u00bb button_border_radius=\u00a0\u00bb0px\u00a0\u00bb button_letter_spacing=\u00a0\u00bb0px\u00a0\u00bb button_font=\u00a0\u00bb|600|||||||\u00a0\u00bb button_use_icon=\u00a0\u00bboff\u00a0\u00bb][\/et_pb_button][\/et_pb_column][\/et_pb_row][\/et_pb_section][et_pb_section fb_built=\u00a0\u00bb1&Prime; _builder_version=\u00a0\u00bb3.19.1&Prime; background_image=\u00a0\u00bbhttps:\/\/www.paysagesurbains.fr\/wp-content\/uploads\/bas-de-page-gazon-modif.png\u00a0\u00bb custom_padding=\u00a0\u00bb7px|0px|0|0px|false|false\u00a0\u00bb][et_pb_row custom_padding=\u00a0\u00bb168px|0px|27px|0px|false|false\u00a0\u00bb _builder_version=\u00a0\u00bb3.17.6&Prime;][et_pb_column type=\u00a0\u00bb4_4&Prime; _builder_version=\u00a0\u00bb3.0.47&Prime; parallax=\u00a0\u00bboff\u00a0\u00bb parallax_method=\u00a0\u00bbon\u00a0\u00bb][et_pb_divider show_divider=\u00a0\u00bboff\u00a0\u00bb _builder_version=\u00a0\u00bb3.17.6&Prime;][\/et_pb_divider][\/et_pb_column][\/et_pb_row][\/et_pb_section][et_pb_section fb_built=\u00a0\u00bb1&Prime; _builder_version=\u00a0\u00bb3.17.6&Prime; background_color=\u00a0\u00bb#65ab24&Prime; custom_padding=\u00a0\u00bb0|0px|12px|0px|false|false\u00a0\u00bb global_module=\u00a0\u00bb176&Prime;][et_pb_row custom_padding=\u00a0\u00bb0|0px|0|0px|false|false\u00a0\u00bb _builder_version=\u00a0\u00bb3.17.6&Prime; background_color=\u00a0\u00bb#65ab24&Prime; background_size=\u00a0\u00bbinitial\u00a0\u00bb background_position=\u00a0\u00bbtop_left\u00a0\u00bb background_repeat=\u00a0\u00bbrepeat\u00a0\u00bb][et_pb_column type=\u00a0\u00bb1_2&Prime; _builder_version=\u00a0\u00bb3.0.47&Prime; parallax=\u00a0\u00bboff\u00a0\u00bb parallax_method=\u00a0\u00bbon\u00a0\u00bb][et_pb_text admin_label=\u00a0\u00bbCoordonn\u00e9es\u00a0\u00bb _builder_version=\u00a0\u00bb3.17.6&Prime; inline_fonts=\u00a0\u00bbstencil\u00a0\u00bb]<p><span style=\"font-family: stencil; font-weight: normal; font-size: xx-large; color: #f9f9f9;\"><strong><\/strong><\/span><\/p>\n<p><span style=\"font-family: stencil; font-weight: normal; font-size: xx-large; color: #f9f9f9;\"><strong>PAYSAGES URBAINS<\/strong><\/span><\/p>\n<p><span style=\"color: #ffffff; font-size: 16px;\"><\/span><\/p>\n<p><span style=\"color: #ffffff; font-size: 16px;\">contact@paysagesurbains.fr<\/span><\/p>\n<p><span style=\"color: #ffffff;\">07.68.28.68.45<\/span><\/p>\n<p><span style=\"color: #ffffff;\">Du lundi au samedi<\/span><\/p>\n<p><span style=\"color: #ffffff;\">Siret 820 011 260 00024<\/span><\/p>\n<p><a href=\"https:\/\/www.paysagesurbains.fr\/index.php\/mentions-legales\/\"><span style=\"color: #ffffff;\">Mentions l\u00e9gales<\/span><\/a><\/p>\n<p><a href=\"https:\/\/www.paysagesurbains.fr\/index.php\/politique-de-confidentialite\/\"><span style=\"color: #ffffff;\">Politiques de confidentialit\u00e9s<\/span><\/a><\/p>\n<p><span style=\"color: #ffffff;\">\u00a0<\/span><\/p>[\/et_pb_text][\/et_pb_column][et_pb_column type=\u00a0\u00bb1_2&Prime; _builder_version=\u00a0\u00bb3.0.47&Prime; parallax=\u00a0\u00bboff\u00a0\u00bb parallax_method=\u00a0\u00bbon\u00a0\u00bb][et_pb_contact_form email=\u00a0\u00bbcontact@paysagesurbains.fr\u00a0\u00bb title=\u00a0\u00bbContactez-nous\u00a0\u00bb success_message=\u00a0\u00bbMessage envoy\u00e9, nous vous r\u00e9pondrons dans les plus brefs d\u00e9lais.\u00a0\u00bb submit_button_text=\u00a0\u00bbEnvoyer\u00a0\u00bb form_background_color=\u00a0\u00bb#ffffff\u00a0\u00bb module_id=\u00a0\u00bbet_pb_contact_form_0&Prime; _builder_version=\u00a0\u00bb3.19.1&Prime; title_text_color=\u00a0\u00bb#ffffff\u00a0\u00bb title_font_size=\u00a0\u00bb19px\u00a0\u00bb form_field_font=\u00a0\u00bbsamsung imagination||||||||\u00a0\u00bb form_field_text_color=\u00a0\u00bb#818181&Prime; form_field_font_size=\u00a0\u00bb15px\u00a0\u00bb form_field_line_height=\u00a0\u00bb1.1em\u00a0\u00bb custom_button=\u00a0\u00bbon\u00a0\u00bb button_text_size=\u00a0\u00bb15px\u00a0\u00bb button_text_color=\u00a0\u00bb#ffffff\u00a0\u00bb button_font=\u00a0\u00bbsamsung imagination||||||||\u00a0\u00bb button_use_icon=\u00a0\u00bboff\u00a0\u00bb custom_margin=\u00a0\u00bb||\u00a0\u00bb][et_pb_contact_field field_id=\u00a0\u00bbName\u00a0\u00bb field_title=\u00a0\u00bbNom\u00a0\u00bb _builder_version=\u00a0\u00bb3.17.6&Prime; border_radii=\u00a0\u00bbon||||\u00a0\u00bb button_text_size__hover_enabled=\u00a0\u00bboff\u00a0\u00bb button_one_text_size__hover_enabled=\u00a0\u00bboff\u00a0\u00bb button_two_text_size__hover_enabled=\u00a0\u00bboff\u00a0\u00bb button_text_color__hover_enabled=\u00a0\u00bboff\u00a0\u00bb button_one_text_color__hover_enabled=\u00a0\u00bboff\u00a0\u00bb button_two_text_color__hover_enabled=\u00a0\u00bboff\u00a0\u00bb button_border_width__hover_enabled=\u00a0\u00bboff\u00a0\u00bb button_one_border_width__hover_enabled=\u00a0\u00bboff\u00a0\u00bb button_two_border_width__hover_enabled=\u00a0\u00bboff\u00a0\u00bb button_border_color__hover_enabled=\u00a0\u00bboff\u00a0\u00bb button_one_border_color__hover_enabled=\u00a0\u00bboff\u00a0\u00bb button_two_border_color__hover_enabled=\u00a0\u00bboff\u00a0\u00bb button_border_radius__hover_enabled=\u00a0\u00bboff\u00a0\u00bb button_one_border_radius__hover_enabled=\u00a0\u00bboff\u00a0\u00bb button_two_border_radius__hover_enabled=\u00a0\u00bboff\u00a0\u00bb button_letter_spacing__hover_enabled=\u00a0\u00bboff\u00a0\u00bb button_one_letter_spacing__hover_enabled=\u00a0\u00bboff\u00a0\u00bb button_two_letter_spacing__hover_enabled=\u00a0\u00bboff\u00a0\u00bb button_bg_color__hover_enabled=\u00a0\u00bboff\u00a0\u00bb button_one_bg_color__hover_enabled=\u00a0\u00bboff\u00a0\u00bb button_two_bg_color__hover_enabled=\u00a0\u00bboff\u00a0\u00bb][\/et_pb_contact_field][et_pb_contact_field field_id=\u00a0\u00bbEmail\u00a0\u00bb field_title=\u00a0\u00bbAdresse e-mail\u00a0\u00bb field_type=\u00a0\u00bbemail\u00a0\u00bb _builder_version=\u00a0\u00bb3.17.6&Prime; border_radii=\u00a0\u00bbon||||\u00a0\u00bb button_text_size__hover_enabled=\u00a0\u00bboff\u00a0\u00bb button_one_text_size__hover_enabled=\u00a0\u00bboff\u00a0\u00bb button_two_text_size__hover_enabled=\u00a0\u00bboff\u00a0\u00bb button_text_color__hover_enabled=\u00a0\u00bboff\u00a0\u00bb button_one_text_color__hover_enabled=\u00a0\u00bboff\u00a0\u00bb button_two_text_color__hover_enabled=\u00a0\u00bboff\u00a0\u00bb button_border_width__hover_enabled=\u00a0\u00bboff\u00a0\u00bb button_one_border_width__hover_enabled=\u00a0\u00bboff\u00a0\u00bb button_two_border_width__hover_enabled=\u00a0\u00bboff\u00a0\u00bb button_border_color__hover_enabled=\u00a0\u00bboff\u00a0\u00bb button_one_border_color__hover_enabled=\u00a0\u00bboff\u00a0\u00bb button_two_border_color__hover_enabled=\u00a0\u00bboff\u00a0\u00bb button_border_radius__hover_enabled=\u00a0\u00bboff\u00a0\u00bb button_one_border_radius__hover_enabled=\u00a0\u00bboff\u00a0\u00bb button_two_border_radius__hover_enabled=\u00a0\u00bboff\u00a0\u00bb button_letter_spacing__hover_enabled=\u00a0\u00bboff\u00a0\u00bb button_one_letter_spacing__hover_enabled=\u00a0\u00bboff\u00a0\u00bb button_two_letter_spacing__hover_enabled=\u00a0\u00bboff\u00a0\u00bb button_bg_color__hover_enabled=\u00a0\u00bboff\u00a0\u00bb button_one_bg_color__hover_enabled=\u00a0\u00bboff\u00a0\u00bb button_two_bg_color__hover_enabled=\u00a0\u00bboff\u00a0\u00bb][\/et_pb_contact_field][et_pb_contact_field field_id=\u00a0\u00bbMessage\u00a0\u00bb field_title=\u00a0\u00bbMessage\u00a0\u00bb field_type=\u00a0\u00bbtext\u00a0\u00bb fullwidth_field=\u00a0\u00bbon\u00a0\u00bb _builder_version=\u00a0\u00bb3.17.6&Prime; border_radii=\u00a0\u00bbon||||\u00a0\u00bb button_text_size__hover_enabled=\u00a0\u00bboff\u00a0\u00bb button_one_text_size__hover_enabled=\u00a0\u00bboff\u00a0\u00bb button_two_text_size__hover_enabled=\u00a0\u00bboff\u00a0\u00bb button_text_color__hover_enabled=\u00a0\u00bboff\u00a0\u00bb button_one_text_color__hover_enabled=\u00a0\u00bboff\u00a0\u00bb button_two_text_color__hover_enabled=\u00a0\u00bboff\u00a0\u00bb button_border_width__hover_enabled=\u00a0\u00bboff\u00a0\u00bb button_one_border_width__hover_enabled=\u00a0\u00bboff\u00a0\u00bb button_two_border_width__hover_enabled=\u00a0\u00bboff\u00a0\u00bb button_border_color__hover_enabled=\u00a0\u00bboff\u00a0\u00bb button_one_border_color__hover_enabled=\u00a0\u00bboff\u00a0\u00bb button_two_border_color__hover_enabled=\u00a0\u00bboff\u00a0\u00bb button_border_radius__hover_enabled=\u00a0\u00bboff\u00a0\u00bb button_one_border_radius__hover_enabled=\u00a0\u00bboff\u00a0\u00bb button_two_border_radius__hover_enabled=\u00a0\u00bboff\u00a0\u00bb button_letter_spacing__hover_enabled=\u00a0\u00bboff\u00a0\u00bb button_one_letter_spacing__hover_enabled=\u00a0\u00bboff\u00a0\u00bb button_two_letter_spacing__hover_enabled=\u00a0\u00bboff\u00a0\u00bb button_bg_color__hover_enabled=\u00a0\u00bboff\u00a0\u00bb button_one_bg_color__hover_enabled=\u00a0\u00bboff\u00a0\u00bb button_two_bg_color__hover_enabled=\u00a0\u00bboff\u00a0\u00bb][\/et_pb_contact_field][\/et_pb_contact_form][\/et_pb_column][\/et_pb_row][\/et_pb_section]\n","protected":false},"excerpt":{"rendered":"<p>Potager urbain PAYSAGES URBAINS\u00a0a dans l&rsquo;optique de d\u00e9mocratiser\u00a0le potager urbain\u00a0et de le rendre attractif : \u00a0 \u00a0 \u00a0 \u00a0 \u00a0 \u00a0 \u00a0 \u00a0 \u00a0 \u00a0 \u00a0 \u00a0 \u00a0 &#8211; Attractif dans le sens\u00a0o\u00f9 il permet de cr\u00e9er du\u00a0lien social\u00a0lorsqu&rsquo;il est pour les\u00a0logements collectifs, \u00a0 \u00a0 \u00a0 \u00a0 \u00a0 \u00a0 \u00a0 \u00a0 \u00a0 \u00a0 \u00a0 \u00a0 [&hellip;]<\/p>\n","protected":false},"author":2,"featured_media":0,"parent":0,"menu_order":0,"comment_status":"closed","ping_status":"closed","template":"","meta":{"_et_pb_use_builder":"on","_et_pb_old_content":"<h3>Potager urbain<\/h3><p><strong>PAYSAGES URBAINS<\/strong>\u00a0a dans l'optique de d\u00e9mocratiser\u00a0le potager urbain\u00a0et de le rendre attractif :<\/p><p>- Attractif dans le sens\u00a0o\u00f9 il permet de cr\u00e9er du<strong>\u00a0lien social\u00a0<\/strong>lorsqu'il est pour les\u00a0<strong>logements collectifs<\/strong>,<\/p><p>- Offre aux\u00a0<strong>restaurants\u00a0<\/strong>des\u00a0<strong>produits frais\u00a0<\/strong>pour des repas de saison,<\/p><p>- B\u00e9n\u00e9fique et cr\u00e9ateur de\u00a0<strong>bonheur\u00a0<\/strong>ou de rencontre\u00a0pour les personnes\u00a0<strong>hospitalis\u00e9es<\/strong>,<\/p><p>-\u00a0<strong>Ludique\u00a0<\/strong>pour les enfants qui comprennent le milieu qui les entoure et ce qu'ils mangent tous les jours dans leurs assiettes,<\/p><p>- Cr\u00e9er des liens entre\u00a0les\u00a0<strong>employ\u00e9s d'entreprises\u00a0<\/strong>qui se retrouvent autour de la\u00a0<strong>production quotidienne ou hebdomadaire\u00a0<\/strong>et donner l'occasion de se rencontrer autrement que pour le travail.<\/p><p>Le\u00a0potager urbain est\u00a0par principe\u00a0sur\u00e9lev\u00e9, install\u00e9 dans des structures\u00a0en\u00a0<strong>carr\u00e9<\/strong>. La forme choisie permet un\u00a0<strong>entretien plus facile\u00a0<\/strong>de par sa petite taille (maximum 1,20mx1,20m) ainsi que par sa sur\u00e9l\u00e9vation. Ce type de potager\u00a0<strong>produit davantage\u00a0<\/strong>qu'un potager classique et pr\u00e9sente\u00a0un taux de\u00a0<strong>pollution moins \u00e9lev\u00e9<\/strong>\u00a0qu'en pleine terre.<\/p><p>Enfin, le support de culture\u00a0mis en place selon la technique de\u00a0<strong>permaculture\u00a0<\/strong>ou\u00a0dit en\u00a0<strong>\"lasagne\",<\/strong>\u00a0car constitu\u00e9 de\u00a0plusieurs couches de diff\u00e9rents mat\u00e9riaux\u00a0(d\u00e9chets verts, bois broy\u00e9, compost...). Ce substrat est, gr\u00e2ce \u00e0 cette technique, vivant et cr\u00e9e une biodiversit\u00e9 beaucoup plus \u00e9panouie. L'utilisation de mat\u00e9riaux sains est primordiale pour ne pas contaminer le sol. Utilisation de\u00a0<strong>bois non trait\u00e9\u00a0<\/strong>et r\u00e9sistant naturellement.<\/p><p>Le petit plus de\u00a0<strong>PAYSAGES URBAINS<\/strong>, nous\u00a0vous fournissons un calendrier pour les\u00a0<strong>rotations de cultures<\/strong>.<\/p><p><strong>Formule possible :<\/strong><\/p><p><strong>-\u00a0<a href=\"https:\/\/www.paysagesurbains.fr\/index.php\/paysagiste-lille-formules\/\">Formule Zen<\/a><\/strong><\/p>","_et_gb_content_width":""},"yoast_head":"<!-- This site is optimized with the Yoast SEO plugin v21.1 - https:\/\/yoast.com\/wordpress\/plugins\/seo\/ -->\n<title>Potager Urbain - Paysages Urbains - Paysagiste - Jardinier - Lille<\/title>\n<meta name=\"description\" content=\"PAYSAGES URBAINS a dans l&#039;optique de d\u00e9mocratiser le potager urbain, et de le rendre attractif; il permet de cr\u00e9er du lien social, d&#039;avoir une production...\" \/>\n<meta name=\"robots\" content=\"index, follow, max-snippet:-1, max-image-preview:large, max-video-preview:-1\" \/>\n<link rel=\"canonical\" href=\"https:\/\/www.paysagesurbains.fr\/index.php\/potager-urbain\/\" \/>\n<meta property=\"og:locale\" content=\"fr_FR\" \/>\n<meta property=\"og:type\" content=\"article\" \/>\n<meta property=\"og:title\" content=\"Potager Urbain - Paysages Urbains - Paysagiste - Jardinier - Lille\" \/>\n<meta property=\"og:description\" content=\"PAYSAGES URBAINS a dans l&#039;optique de d\u00e9mocratiser le potager urbain, et de le rendre attractif; il permet de cr\u00e9er du lien social, d&#039;avoir une production...\" \/>\n<meta property=\"og:url\" content=\"https:\/\/www.paysagesurbains.fr\/index.php\/potager-urbain\/\" \/>\n<meta property=\"og:site_name\" content=\"Paysages Urbains\" \/>\n<meta property=\"article:publisher\" content=\"https:\/\/www.facebook.com\/PAYSAGESURBAINS\/\" \/>\n<meta property=\"article:modified_time\" content=\"2020-06-18T11:30:53+00:00\" \/>\n<meta name=\"twitter:card\" content=\"summary_large_image\" \/>\n<meta name=\"twitter:label1\" content=\"Dur\u00e9e de lecture estim\u00e9e\" \/>\n\t<meta name=\"twitter:data1\" content=\"7 minutes\" \/>\n<script type=\"application\/ld+json\" class=\"yoast-schema-graph\">{\"@context\":\"https:\/\/schema.org\",\"@graph\":[{\"@type\":\"WebPage\",\"@id\":\"https:\/\/www.paysagesurbains.fr\/index.php\/potager-urbain\/\",\"url\":\"https:\/\/www.paysagesurbains.fr\/index.php\/potager-urbain\/\",\"name\":\"Potager Urbain - Paysages Urbains - Paysagiste - Jardinier - Lille\",\"isPartOf\":{\"@id\":\"https:\/\/www.paysagesurbains.fr\/#website\"},\"datePublished\":\"2018-11-15T14:03:00+00:00\",\"dateModified\":\"2020-06-18T11:30:53+00:00\",\"description\":\"PAYSAGES URBAINS a dans l'optique de d\u00e9mocratiser le potager urbain, et de le rendre attractif; il permet de cr\u00e9er du lien social, d'avoir une production...\",\"breadcrumb\":{\"@id\":\"https:\/\/www.paysagesurbains.fr\/index.php\/potager-urbain\/#breadcrumb\"},\"inLanguage\":\"fr-FR\",\"potentialAction\":[{\"@type\":\"ReadAction\",\"target\":[\"https:\/\/www.paysagesurbains.fr\/index.php\/potager-urbain\/\"]}]},{\"@type\":\"BreadcrumbList\",\"@id\":\"https:\/\/www.paysagesurbains.fr\/index.php\/potager-urbain\/#breadcrumb\",\"itemListElement\":[{\"@type\":\"ListItem\",\"position\":1,\"name\":\"Home\",\"item\":\"https:\/\/www.paysagesurbains.fr\/\"},{\"@type\":\"ListItem\",\"position\":2,\"name\":\"Potager Urbain\"}]},{\"@type\":\"WebSite\",\"@id\":\"https:\/\/www.paysagesurbains.fr\/#website\",\"url\":\"https:\/\/www.paysagesurbains.fr\/\",\"name\":\"Paysages Urbains\",\"description\":\"Donnez de la hauteur \u00e0 votre jardin\",\"publisher\":{\"@id\":\"https:\/\/www.paysagesurbains.fr\/#organization\"},\"potentialAction\":[{\"@type\":\"SearchAction\",\"target\":{\"@type\":\"EntryPoint\",\"urlTemplate\":\"https:\/\/www.paysagesurbains.fr\/?s={search_term_string}\"},\"query-input\":\"required name=search_term_string\"}],\"inLanguage\":\"fr-FR\"},{\"@type\":\"Organization\",\"@id\":\"https:\/\/www.paysagesurbains.fr\/#organization\",\"name\":\"Paysages Urbains\",\"url\":\"https:\/\/www.paysagesurbains.fr\/\",\"logo\":{\"@type\":\"ImageObject\",\"inLanguage\":\"fr-FR\",\"@id\":\"https:\/\/www.paysagesurbains.fr\/#\/schema\/logo\/image\/\",\"url\":\"https:\/\/www.paysagesurbains.fr\/wp-content\/uploads\/Paysages-urbains-paysagiste-lille.png\",\"contentUrl\":\"https:\/\/www.paysagesurbains.fr\/wp-content\/uploads\/Paysages-urbains-paysagiste-lille.png\",\"width\":1000,\"height\":882,\"caption\":\"Paysages Urbains\"},\"image\":{\"@id\":\"https:\/\/www.paysagesurbains.fr\/#\/schema\/logo\/image\/\"},\"sameAs\":[\"https:\/\/www.facebook.com\/PAYSAGESURBAINS\/\"]}]}<\/script>\n<!-- \/ Yoast SEO plugin. -->","yoast_head_json":{"title":"Potager Urbain - Paysages Urbains - Paysagiste - Jardinier - Lille","description":"PAYSAGES URBAINS a dans l'optique de d\u00e9mocratiser le potager urbain, et de le rendre attractif; il permet de cr\u00e9er du lien social, d'avoir une production...","robots":{"index":"index","follow":"follow","max-snippet":"max-snippet:-1","max-image-preview":"max-image-preview:large","max-video-preview":"max-video-preview:-1"},"canonical":"https:\/\/www.paysagesurbains.fr\/index.php\/potager-urbain\/","og_locale":"fr_FR","og_type":"article","og_title":"Potager Urbain - Paysages Urbains - Paysagiste - Jardinier - Lille","og_description":"PAYSAGES URBAINS a dans l'optique de d\u00e9mocratiser le potager urbain, et de le rendre attractif; il permet de cr\u00e9er du lien social, d'avoir une production...","og_url":"https:\/\/www.paysagesurbains.fr\/index.php\/potager-urbain\/","og_site_name":"Paysages Urbains","article_publisher":"https:\/\/www.facebook.com\/PAYSAGESURBAINS\/","article_modified_time":"2020-06-18T11:30:53+00:00","twitter_card":"summary_large_image","twitter_misc":{"Dur\u00e9e de lecture estim\u00e9e":"7 minutes"},"schema":{"@context":"https:\/\/schema.org","@graph":[{"@type":"WebPage","@id":"https:\/\/www.paysagesurbains.fr\/index.php\/potager-urbain\/","url":"https:\/\/www.paysagesurbains.fr\/index.php\/potager-urbain\/","name":"Potager Urbain - Paysages Urbains - Paysagiste - Jardinier - Lille","isPartOf":{"@id":"https:\/\/www.paysagesurbains.fr\/#website"},"datePublished":"2018-11-15T14:03:00+00:00","dateModified":"2020-06-18T11:30:53+00:00","description":"PAYSAGES URBAINS a dans l'optique de d\u00e9mocratiser le potager urbain, et de le rendre attractif; il permet de cr\u00e9er du lien social, d'avoir une production...","breadcrumb":{"@id":"https:\/\/www.paysagesurbains.fr\/index.php\/potager-urbain\/#breadcrumb"},"inLanguage":"fr-FR","potentialAction":[{"@type":"ReadAction","target":["https:\/\/www.paysagesurbains.fr\/index.php\/potager-urbain\/"]}]},{"@type":"BreadcrumbList","@id":"https:\/\/www.paysagesurbains.fr\/index.php\/potager-urbain\/#breadcrumb","itemListElement":[{"@type":"ListItem","position":1,"name":"Home","item":"https:\/\/www.paysagesurbains.fr\/"},{"@type":"ListItem","position":2,"name":"Potager Urbain"}]},{"@type":"WebSite","@id":"https:\/\/www.paysagesurbains.fr\/#website","url":"https:\/\/www.paysagesurbains.fr\/","name":"Paysages Urbains","description":"Donnez de la hauteur \u00e0 votre jardin","publisher":{"@id":"https:\/\/www.paysagesurbains.fr\/#organization"},"potentialAction":[{"@type":"SearchAction","target":{"@type":"EntryPoint","urlTemplate":"https:\/\/www.paysagesurbains.fr\/?s={search_term_string}"},"query-input":"required name=search_term_string"}],"inLanguage":"fr-FR"},{"@type":"Organization","@id":"https:\/\/www.paysagesurbains.fr\/#organization","name":"Paysages Urbains","url":"https:\/\/www.paysagesurbains.fr\/","logo":{"@type":"ImageObject","inLanguage":"fr-FR","@id":"https:\/\/www.paysagesurbains.fr\/#\/schema\/logo\/image\/","url":"https:\/\/www.paysagesurbains.fr\/wp-content\/uploads\/Paysages-urbains-paysagiste-lille.png","contentUrl":"https:\/\/www.paysagesurbains.fr\/wp-content\/uploads\/Paysages-urbains-paysagiste-lille.png","width":1000,"height":882,"caption":"Paysages Urbains"},"image":{"@id":"https:\/\/www.paysagesurbains.fr\/#\/schema\/logo\/image\/"},"sameAs":["https:\/\/www.facebook.com\/PAYSAGESURBAINS\/"]}]}},"_links":{"self":[{"href":"https:\/\/www.paysagesurbains.fr\/index.php\/wp-json\/wp\/v2\/pages\/81"}],"collection":[{"href":"https:\/\/www.paysagesurbains.fr\/index.php\/wp-json\/wp\/v2\/pages"}],"about":[{"href":"https:\/\/www.paysagesurbains.fr\/index.php\/wp-json\/wp\/v2\/types\/page"}],"author":[{"embeddable":true,"href":"https:\/\/www.paysagesurbains.fr\/index.php\/wp-json\/wp\/v2\/users\/2"}],"replies":[{"embeddable":true,"href":"https:\/\/www.paysagesurbains.fr\/index.php\/wp-json\/wp\/v2\/comments?post=81"}],"version-history":[{"count":11,"href":"https:\/\/www.paysagesurbains.fr\/index.php\/wp-json\/wp\/v2\/pages\/81\/revisions"}],"predecessor-version":[{"id":752,"href":"https:\/\/www.paysagesurbains.fr\/index.php\/wp-json\/wp\/v2\/pages\/81\/revisions\/752"}],"wp:attachment":[{"href":"https:\/\/www.paysagesurbains.fr\/index.php\/wp-json\/wp\/v2\/media?parent=81"}],"curies":[{"name":"wp","href":"https:\/\/api.w.org\/{rel}","templated":true}]}}